{"id":9323,"date":"2019-05-09T15:37:51","date_gmt":"2019-05-09T15:37:51","guid":{"rendered":"https:\/\/www.chateaudebossey.ch\/rooms\/"},"modified":"2019-06-21T14:58:18","modified_gmt":"2019-06-21T14:58:18","slug":"chambres","status":"publish","type":"page","link":"https:\/\/www.chateaudebossey.ch\/fr\/chambres\/","title":{"rendered":"Chambres"},"content":{"rendered":"<p>[et_pb_section bb_built=\u00a0\u00bb1&Prime; module_id=\u00a0\u00bbheader-intern-section\u00a0\u00bb _builder_version=\u00a0\u00bb3.22.7&Prime; next_background_color=\u00a0\u00bb#000000&Prime;][et_pb_row _builder_version=\u00a0\u00bb3.22.7&Prime; background_image=\u00a0\u00bbhttps:\/\/www.chateaudebossey.ch\/wp-content\/uploads\/2019\/05\/chateau-de-bossey-header-intern-1.jpg\u00a0\u00bb width=\u00a0\u00bb100%\u00a0\u00bb][et_pb_column type=\u00a0\u00bb4_4&Prime;][et_pb_text _builder_version=\u00a0\u00bb3.22.7&Prime; text_font=\u00a0\u00bb||||||||\u00a0\u00bb header_font=\u00a0\u00bb|700|||||||\u00a0\u00bb header_text_align=\u00a0\u00bbcenter\u00a0\u00bb header_text_color=\u00a0\u00bb#ffffff\u00a0\u00bb header_font_size=\u00a0\u00bb78px\u00a0\u00bb text_orientation=\u00a0\u00bbcenter\u00a0\u00bb]<\/p>\n<h1>Chambres<\/h1>\n<p>[\/et_pb_text][\/et_pb_column][\/et_pb_row][\/et_pb_section][et_pb_section bb_built=\u00a0\u00bb1&Prime; _builder_version=\u00a0\u00bb3.22.7&Prime; prev_background_color=\u00a0\u00bb#000000&Prime; next_background_color=\u00a0\u00bb#000000&Prime;][et_pb_row _builder_version=\u00a0\u00bb3.22.7&Prime; animation_style=\u00a0\u00bbfade\u00a0\u00bb animation_direction=\u00a0\u00bbbottom\u00a0\u00bb][et_pb_column type=\u00a0\u00bb4_4&Prime;][et_pb_text admin_label=\u00a0\u00bbA place to rest\u00a0\u00bb module_class=\u00a0\u00bbrooms-aplaceto-module\u00a0\u00bb _builder_version=\u00a0\u00bb3.22.7&Prime; text_font=\u00a0\u00bbIstokweb Regular||||||||\u00a0\u00bb text_text_color=\u00a0\u00bb#373737&Prime; header_font=\u00a0\u00bb|600|||||||\u00a0\u00bb header_2_font=\u00a0\u00bbMontserrat Bold||||||||\u00a0\u00bb header_2_text_color=\u00a0\u00bb#373737&Prime; header_2_font_size=\u00a0\u00bb28px\u00a0\u00bb header_3_font=\u00a0\u00bbMontserrat Bold|700|||||||\u00a0\u00bb header_3_text_color=\u00a0\u00bb#373737&Prime; header_3_font_size=\u00a0\u00bb28px\u00a0\u00bb]<\/p>\n<h3><span>Se reposer <\/span><\/h3>\n<p style=\"text-align: justify;\"><span>Nous disposons de 90 chambres r\u00e9parties en deux grandes cat\u00e9gories : <\/span><\/p>\n<ul style=\"text-align: justify;\">\n<li><span>42 chambres avec salle de bain priv\u00e9e au Ch\u00e2teau et dans notre annexe Grange. <\/span><\/li>\n<li><span>48 chambres \u00ab budget \u00bb avec lavabo et douches \u00e0 l\u2019\u00e9tage dans nos annexes Colombie et Petit Bossey. <\/span><\/li>\n<\/ul>\n<p style=\"text-align: justify;\"><span>Tous nos tarifs comprennent le parking et le petit d\u00e9jeuner, servi sous forme de buffet au sein de l\u2019Orangerie ou sur notre terrasse lorsque le temps le permet. <\/span><\/p>\n<p>[\/et_pb_text][\/et_pb_column][\/et_pb_row][\/et_pb_section][et_pb_section bb_built=\u00a0\u00bb1&Prime; _builder_version=\u00a0\u00bb3.22.7&Prime; prev_background_color=\u00a0\u00bb#000000&Prime; next_background_color=\u00a0\u00bb#000000&Prime;][et_pb_row module_class=\u00a0\u00bbrooms-title-module\u00a0\u00bb _builder_version=\u00a0\u00bb3.22.7&Prime; animation_style=\u00a0\u00bbslide\u00a0\u00bb animation_direction=\u00a0\u00bbright\u00a0\u00bb animation_duration=\u00a0\u00bb1300ms\u00a0\u00bb animation_intensity_slide=\u00a0\u00bb10%\u00a0\u00bb][et_pb_column type=\u00a0\u00bb4_4&Prime;][et_pb_text admin_label=\u00a0\u00bbIn the CH\u00c2TEAU\u00a0\u00bb _builder_version=\u00a0\u00bb3.22.7&Prime; text_font=\u00a0\u00bbIstokweb Regular||||||||\u00a0\u00bb text_line_height=\u00a0\u00bb1.5em\u00a0\u00bb header_font=\u00a0\u00bb||||||||\u00a0\u00bb header_2_font=\u00a0\u00bbMontserrat Bold|700|||||||\u00a0\u00bb header_2_text_color=\u00a0\u00bb#373737&Prime; header_2_font_size=\u00a0\u00bb28px\u00a0\u00bb]<\/p>\n<h2><span>Dans le Ch\u00e2teau : 19 chambres + 1 studio <\/span><\/h2>\n<p style=\"text-align: justify;\">Le Ch\u00e2teau dispose de 19 chambres et 1 studio, toutes avec salle de bain privative, situ\u00e9es dans notre b\u00e2timent principal.<br \/>\nDeux chambres sont accessibles aux personnes \u00e0 mobilit\u00e9 r\u00e9duite.<\/p>\n<p>[\/et_pb_text][\/et_pb_column][\/et_pb_row][et_pb_row custom_padding=\u00a0\u00bb0px||\u00a0\u00bb module_class=\u00a0\u00bbrooms-blocs-row\u00a0\u00bb _builder_version=\u00a0\u00bb3.22.7&Prime;][et_pb_column type=\u00a0\u00bb1_3&Prime;][et_pb_image src=\u00a0\u00bbhttps:\/\/www.chateaudebossey.ch\/wp-content\/uploads\/2019\/05\/chateau-de-bossey-lake-view-chateau.jpg\u00a0\u00bb _builder_version=\u00a0\u00bb3.22.7&Prime; animation_style=\u00a0\u00bbslide\u00a0\u00bb animation_direction=\u00a0\u00bbtop\u00a0\u00bb animation_intensity_slide=\u00a0\u00bb10%\u00a0\u00bb \/][et_pb_text admin_label=\u00a0\u00bbCh\u00e2teau rooms with lake view\u00a0\u00bb module_class=\u00a0\u00bbhomepage-blocs-text\u00a0\u00bb _builder_version=\u00a0\u00bb3.22.7&Prime; text_font=\u00a0\u00bbIstokweb Regular||||||||\u00a0\u00bb text_text_color=\u00a0\u00bb#373737&Prime; text_font_size=\u00a0\u00bb24px\u00a0\u00bb text_line_height=\u00a0\u00bb1.2em\u00a0\u00bb link_font=\u00a0\u00bbIstokweb Regular||||||||\u00a0\u00bb link_text_color=\u00a0\u00bb#373737&Prime; link_font_size=\u00a0\u00bb24px\u00a0\u00bb header_font=\u00a0\u00bb||||||||\u00a0\u00bb header_2_font=\u00a0\u00bbMontserrat Bold||||||||\u00a0\u00bb header_2_text_color=\u00a0\u00bb#373737&Prime; header_2_font_size=\u00a0\u00bb28px\u00a0\u00bb text_orientation=\u00a0\u00bbjustified\u00a0\u00bb animation_style=\u00a0\u00bbslide\u00a0\u00bb animation_direction=\u00a0\u00bbbottom\u00a0\u00bb animation_intensity_slide=\u00a0\u00bb10%\u00a0\u00bb]<\/p>\n<p><span>Chambres Ch\u00e2teau vue lac <\/span><\/p>\n<div class=\"rooms-list-div\">\n<div><img decoding=\"async\" class=\"rooms-img-div\" src=\"\/wp-content\/uploads\/2019\/05\/chateau-de-bossey-picto-rooms-personnes.png\" \/>\u00a0<span>Chambre double ou triple <\/span><\/div>\n<div><img decoding=\"async\" class=\"rooms-img-div\" src=\"\/wp-content\/uploads\/2019\/05\/chateau-de-bossey-picto-rooms-vue.png\" \/> <span>Vue sur le lac L\u00e9man, les Alpes et le parc du Ch\u00e2teau <\/span><\/div>\n<div><img decoding=\"async\" class=\"rooms-img-div\" src=\"\/wp-content\/uploads\/2019\/05\/chateau-de-bossey-picto-rooms-douche.png\" \/> <span>Salle de bain privative <\/span><\/div>\n<div><img decoding=\"async\" class=\"rooms-img-div\" src=\"\/wp-content\/uploads\/2019\/05\/chateau-de-bossey-picto-rooms-tv.png\" \/>\u00a0TV<\/div>\n<div><img decoding=\"async\" class=\"rooms-img-div\" src=\"\/wp-content\/uploads\/2019\/05\/chateau-de-bossey-picto-rooms-wifi.png\" \/>\u00a0Wifi\u00a0<span>gratuit<\/span><\/div>\n<div><img decoding=\"async\" class=\"rooms-img-div\" src=\"\/wp-content\/uploads\/2019\/05\/chateau-de-bossey-picto-rooms-seche-cheveux.png\" \/> <span>S\u00e8che-cheveux <\/span><\/div>\n<\/div>\n<p>[\/et_pb_text][\/et_pb_column][et_pb_column type=\u00a0\u00bb1_3&Prime;][et_pb_image src=\u00a0\u00bbhttps:\/\/www.chateaudebossey.ch\/wp-content\/uploads\/2019\/05\/chateau-de-bossey-chambre_chateau_simple.jpg\u00a0\u00bb _builder_version=\u00a0\u00bb3.22.7&Prime; animation_style=\u00a0\u00bbslide\u00a0\u00bb animation_direction=\u00a0\u00bbtop\u00a0\u00bb animation_intensity_slide=\u00a0\u00bb10%\u00a0\u00bb \/][et_pb_text admin_label=\u00a0\u00bbCh\u00e2teau rooms with park view\u00a0\u00bb module_class=\u00a0\u00bbhomepage-blocs-text\u00a0\u00bb _builder_version=\u00a0\u00bb3.22.7&Prime; text_font=\u00a0\u00bbIstokweb Regular||||||||\u00a0\u00bb text_text_color=\u00a0\u00bb#373737&Prime; text_font_size=\u00a0\u00bb24px\u00a0\u00bb text_line_height=\u00a0\u00bb1.2em\u00a0\u00bb link_font=\u00a0\u00bbIstokweb Regular||||||||\u00a0\u00bb link_text_color=\u00a0\u00bb#373737&Prime; link_font_size=\u00a0\u00bb24px\u00a0\u00bb header_font=\u00a0\u00bb||||||||\u00a0\u00bb header_2_font=\u00a0\u00bbMontserrat Bold||||||||\u00a0\u00bb header_2_text_color=\u00a0\u00bb#373737&Prime; header_2_font_size=\u00a0\u00bb28px\u00a0\u00bb text_orientation=\u00a0\u00bbjustified\u00a0\u00bb animation_style=\u00a0\u00bbslide\u00a0\u00bb animation_direction=\u00a0\u00bbbottom\u00a0\u00bb animation_intensity_slide=\u00a0\u00bb10%\u00a0\u00bb]<\/p>\n<p><span>Chambres Ch\u00e2teau vue parc <\/span><\/p>\n<div class=\"rooms-list-div\">\n<div><img decoding=\"async\" class=\"rooms-img-div\" src=\"\/wp-content\/uploads\/2019\/05\/chateau-de-bossey-picto-rooms-personnes.png\" \/> <span>Chambre single ou double <\/span><\/div>\n<div><img decoding=\"async\" class=\"rooms-img-div\" src=\"\/wp-content\/uploads\/2019\/05\/chateau-de-bossey-picto-rooms-vue.png\" \/> <span>Vue sur le parc <\/span><\/div>\n<div><img decoding=\"async\" class=\"rooms-img-div\" src=\"\/wp-content\/uploads\/2019\/05\/chateau-de-bossey-picto-rooms-douche.png\" \/> <span>Salle de bain privative <\/span><\/div>\n<div><img decoding=\"async\" class=\"rooms-img-div\" src=\"\/wp-content\/uploads\/2019\/05\/chateau-de-bossey-picto-rooms-tv.png\" \/>\u00a0TV<\/div>\n<div><img decoding=\"async\" class=\"rooms-img-div\" src=\"\/wp-content\/uploads\/2019\/05\/chateau-de-bossey-picto-rooms-wifi.png\" \/>\u00a0Wifi gratuit<\/div>\n<div><img decoding=\"async\" class=\"rooms-img-div\" src=\"\/wp-content\/uploads\/2019\/05\/chateau-de-bossey-picto-rooms-seche-cheveux.png\" \/> <span>S\u00e8che-cheveux<\/span><\/div>\n<\/div>\n<p>[\/et_pb_text][\/et_pb_column][et_pb_column type=\u00a0\u00bb1_3&Prime;][et_pb_image src=\u00a0\u00bbhttps:\/\/www.chateaudebossey.ch\/wp-content\/uploads\/2019\/05\/chateau-de-bossey-studio_colombie.jpg\u00a0\u00bb _builder_version=\u00a0\u00bb3.22.7&Prime; animation_style=\u00a0\u00bbslide\u00a0\u00bb animation_direction=\u00a0\u00bbtop\u00a0\u00bb animation_intensity_slide=\u00a0\u00bb10%\u00a0\u00bb \/][et_pb_text admin_label=\u00a0\u00bbCh\u00e2teau studio\u00a0\u00bb module_class=\u00a0\u00bbhomepage-blocs-text\u00a0\u00bb _builder_version=\u00a0\u00bb3.22.7&Prime; text_font=\u00a0\u00bbIstokweb Regular||||||||\u00a0\u00bb text_text_color=\u00a0\u00bb#373737&Prime; text_font_size=\u00a0\u00bb24px\u00a0\u00bb text_line_height=\u00a0\u00bb1.2em\u00a0\u00bb link_font=\u00a0\u00bbIstokweb Regular||||||||\u00a0\u00bb link_text_color=\u00a0\u00bb#373737&Prime; link_font_size=\u00a0\u00bb24px\u00a0\u00bb header_2_font=\u00a0\u00bbMontserrat Bold||||||||\u00a0\u00bb header_2_text_color=\u00a0\u00bb#373737&Prime; header_2_font_size=\u00a0\u00bb28px\u00a0\u00bb text_orientation=\u00a0\u00bbjustified\u00a0\u00bb animation_style=\u00a0\u00bbslide\u00a0\u00bb animation_direction=\u00a0\u00bbbottom\u00a0\u00bb animation_intensity_slide=\u00a0\u00bb10%\u00a0\u00bb]<\/p>\n<p><span>Studio Ch\u00e2teau <\/span><\/p>\n<div class=\"rooms-list-div\">\n<div><img decoding=\"async\" class=\"rooms-img-div\" src=\"\/wp-content\/uploads\/2019\/05\/chateau-de-bossey-picto-rooms-personnes.png\" \/> <span>Studio \u00e9quip\u00e9 d\u2019une kitchenette <\/span><\/div>\n<div><img decoding=\"async\" class=\"rooms-img-div\" src=\"\/wp-content\/uploads\/2019\/05\/chateau-de-bossey-picto-rooms-douche.png\" \/> <span>Salle de bain privative <\/span><\/div>\n<div><img decoding=\"async\" class=\"rooms-img-div\" src=\"\/wp-content\/uploads\/2019\/05\/chateau-de-bossey-picto-rooms-tv.png\" \/>\u00a0TV<\/div>\n<div><img decoding=\"async\" class=\"rooms-img-div\" src=\"\/wp-content\/uploads\/2019\/05\/chateau-de-bossey-picto-rooms-wifi.png\" \/>\u00a0Wifi gratuit<\/div>\n<div><img decoding=\"async\" class=\"rooms-img-div\" src=\"\/wp-content\/uploads\/2019\/05\/chateau-de-bossey-picto-rooms-seche-cheveux.png\" \/> <span>S\u00e8che-cheveux<\/span><\/div>\n<\/div>\n<p>[\/et_pb_text][\/et_pb_column][\/et_pb_row][et_pb_row custom_padding=\u00a0\u00bb||||false\u00a0\u00bb module_class=\u00a0\u00bbrooms-title-module\u00a0\u00bb _builder_version=\u00a0\u00bb3.22.7&Prime; animation_style=\u00a0\u00bbslide\u00a0\u00bb animation_direction=\u00a0\u00bbleft\u00a0\u00bb animation_duration=\u00a0\u00bb1300ms\u00a0\u00bb animation_intensity_slide=\u00a0\u00bb10%\u00a0\u00bb][et_pb_column type=\u00a0\u00bb4_4&Prime;][et_pb_text admin_label=\u00a0\u00bbThe GRANGE\u00a0\u00bb _builder_version=\u00a0\u00bb3.22.7&Prime; text_font=\u00a0\u00bbIstokweb Regular||||||||\u00a0\u00bb text_line_height=\u00a0\u00bb1.5em\u00a0\u00bb header_2_font=\u00a0\u00bbMontserrat Bold|700|||||||\u00a0\u00bb header_2_text_align=\u00a0\u00bbright\u00a0\u00bb header_2_text_color=\u00a0\u00bb#373737&Prime; header_2_font_size=\u00a0\u00bb28px\u00a0\u00bb text_orientation=\u00a0\u00bbright\u00a0\u00bb text_text_shadow_horizontal_length=\u00a0\u00bbtext_text_shadow_style,%91object Object%93&Prime; text_text_shadow_vertical_length=\u00a0\u00bbtext_text_shadow_style,%91object Object%93&Prime; text_text_shadow_blur_strength=\u00a0\u00bbtext_text_shadow_style,%91object Object%93&Prime; link_text_shadow_horizontal_length=\u00a0\u00bblink_text_shadow_style,%91object Object%93&Prime; link_text_shadow_vertical_length=\u00a0\u00bblink_text_shadow_style,%91object Object%93&Prime; link_text_shadow_blur_strength=\u00a0\u00bblink_text_shadow_style,%91object Object%93&Prime; ul_text_shadow_horizontal_length=\u00a0\u00bbul_text_shadow_style,%91object Object%93&Prime; ul_text_shadow_vertical_length=\u00a0\u00bbul_text_shadow_style,%91object Object%93&Prime; ul_text_shadow_blur_strength=\u00a0\u00bbul_text_shadow_style,%91object Object%93&Prime; ol_text_shadow_horizontal_length=\u00a0\u00bbol_text_shadow_style,%91object Object%93&Prime; ol_text_shadow_vertical_length=\u00a0\u00bbol_text_shadow_style,%91object Object%93&Prime; ol_text_shadow_blur_strength=\u00a0\u00bbol_text_shadow_style,%91object Object%93&Prime; quote_text_shadow_horizontal_length=\u00a0\u00bbquote_text_shadow_style,%91object Object%93&Prime; quote_text_shadow_vertical_length=\u00a0\u00bbquote_text_shadow_style,%91object Object%93&Prime; quote_text_shadow_blur_strength=\u00a0\u00bbquote_text_shadow_style,%91object Object%93&Prime; header_text_shadow_horizontal_length=\u00a0\u00bbheader_text_shadow_style,%91object Object%93&Prime; header_text_shadow_vertical_length=\u00a0\u00bbheader_text_shadow_style,%91object Object%93&Prime; header_text_shadow_blur_strength=\u00a0\u00bbheader_text_shadow_style,%91object Object%93&Prime; header_2_text_shadow_horizontal_length=\u00a0\u00bbheader_2_text_shadow_style,%91object Object%93&Prime; header_2_text_shadow_vertical_length=\u00a0\u00bbheader_2_text_shadow_style,%91object Object%93&Prime; header_2_text_shadow_blur_strength=\u00a0\u00bbheader_2_text_shadow_style,%91object Object%93&Prime; header_3_text_shadow_horizontal_length=\u00a0\u00bbheader_3_text_shadow_style,%91object Object%93&Prime; header_3_text_shadow_vertical_length=\u00a0\u00bbheader_3_text_shadow_style,%91object Object%93&Prime; header_3_text_shadow_blur_strength=\u00a0\u00bbheader_3_text_shadow_style,%91object Object%93&Prime; header_4_text_shadow_horizontal_length=\u00a0\u00bbheader_4_text_shadow_style,%91object Object%93&Prime; header_4_text_shadow_vertical_length=\u00a0\u00bbheader_4_text_shadow_style,%91object Object%93&Prime; header_4_text_shadow_blur_strength=\u00a0\u00bbheader_4_text_shadow_style,%91object Object%93&Prime; header_5_text_shadow_horizontal_length=\u00a0\u00bbheader_5_text_shadow_style,%91object Object%93&Prime; header_5_text_shadow_vertical_length=\u00a0\u00bbheader_5_text_shadow_style,%91object Object%93&Prime; header_5_text_shadow_blur_strength=\u00a0\u00bbheader_5_text_shadow_style,%91object Object%93&Prime; header_6_text_shadow_horizontal_length=\u00a0\u00bbheader_6_text_shadow_style,%91object Object%93&Prime; header_6_text_shadow_vertical_length=\u00a0\u00bbheader_6_text_shadow_style,%91object Object%93&Prime; header_6_text_shadow_blur_strength=\u00a0\u00bbheader_6_text_shadow_style,%91object Object%93&Prime; z_index_tablet=\u00a0\u00bb500&Prime;]<\/p>\n<h2 style=\"text-align: right;\"><span>Dans la Grange : 21 chambres + 1 studio <\/span><\/h2>\n<p>La Grange dispose de 21 chambres et 1 studio, toutes avec salle de bain privative, situ\u00e9es \u00e0 5 minutes \u00e0 pied de la r\u00e9ception.<br \/>\nUne chambre est accessible aux personnes \u00e0 mobilit\u00e9 r\u00e9duite.<\/p>\n<p>[\/et_pb_text][\/et_pb_column][\/et_pb_row][et_pb_row custom_padding=\u00a0\u00bb0px||\u00a0\u00bb make_equal=\u00a0\u00bbon\u00a0\u00bb module_class=\u00a0\u00bbrooms-blocs-row\u00a0\u00bb _builder_version=\u00a0\u00bb3.22.7&Prime;][et_pb_column type=\u00a0\u00bb1_3&Prime;][et_pb_image src=\u00a0\u00bbhttps:\/\/www.chateaudebossey.ch\/wp-content\/uploads\/2019\/05\/chateau-de-bossey-glycine.jpg\u00a0\u00bb disabled_on=\u00a0\u00bbon|on|off\u00a0\u00bb module_class=\u00a0\u00bbrooms-blocs-img-module\u00a0\u00bb _builder_version=\u00a0\u00bb3.22.7&Prime; min_height=\u00a0\u00bb100%\u00a0\u00bb animation_style=\u00a0\u00bbslide\u00a0\u00bb animation_direction=\u00a0\u00bbleft\u00a0\u00bb animation_intensity_slide=\u00a0\u00bb10%\u00a0\u00bb \/][\/et_pb_column][et_pb_column type=\u00a0\u00bb1_3&Prime;][et_pb_image src=\u00a0\u00bbhttps:\/\/www.chateaudebossey.ch\/wp-content\/uploads\/2019\/05\/chateau-de-bossey-grange_room.jpg\u00a0\u00bb _builder_version=\u00a0\u00bb3.22.7&Prime; animation_style=\u00a0\u00bbslide\u00a0\u00bb animation_direction=\u00a0\u00bbtop\u00a0\u00bb animation_intensity_slide=\u00a0\u00bb10%\u00a0\u00bb \/][et_pb_text admin_label=\u00a0\u00bbGrange room\u00a0\u00bb module_class=\u00a0\u00bbhomepage-blocs-text\u00a0\u00bb _builder_version=\u00a0\u00bb3.22.7&Prime; text_font=\u00a0\u00bbIstokweb Regular||||||||\u00a0\u00bb text_text_color=\u00a0\u00bb#373737&Prime; text_font_size=\u00a0\u00bb24px\u00a0\u00bb text_line_height=\u00a0\u00bb1.2em\u00a0\u00bb link_font=\u00a0\u00bbIstokweb Regular||||||||\u00a0\u00bb link_text_color=\u00a0\u00bb#373737&Prime; link_font_size=\u00a0\u00bb24px\u00a0\u00bb header_font=\u00a0\u00bb||||||||\u00a0\u00bb header_2_font=\u00a0\u00bbMontserrat Bold||||||||\u00a0\u00bb header_2_text_color=\u00a0\u00bb#373737&Prime; header_2_font_size=\u00a0\u00bb28px\u00a0\u00bb text_orientation=\u00a0\u00bbjustified\u00a0\u00bb animation_style=\u00a0\u00bbslide\u00a0\u00bb animation_direction=\u00a0\u00bbbottom\u00a0\u00bb animation_intensity_slide=\u00a0\u00bb10%\u00a0\u00bb]<\/p>\n<p><span>Chambres Grange <\/span><\/p>\n<div class=\"rooms-list-div\">\n<div><img decoding=\"async\" class=\"rooms-img-div\" src=\"\/wp-content\/uploads\/2019\/05\/chateau-de-bossey-picto-rooms-personnes.png\" \/> <span>Chambre single, double ou triple <\/span><\/div>\n<div><img decoding=\"async\" class=\"rooms-img-div\" src=\"\/wp-content\/uploads\/2019\/05\/chateau-de-bossey-picto-rooms-douche.png\" \/> <span>Salle de bain privative <\/span><\/div>\n<div><img decoding=\"async\" class=\"rooms-img-div\" src=\"\/wp-content\/uploads\/2019\/05\/chateau-de-bossey-picto-rooms-tv.png\" \/>\u00a0TV<\/div>\n<div><img decoding=\"async\" class=\"rooms-img-div\" src=\"\/wp-content\/uploads\/2019\/05\/chateau-de-bossey-picto-rooms-wifi.png\" \/>\u00a0Wifi gratuit<\/div>\n<div><img decoding=\"async\" class=\"rooms-img-div\" src=\"\/wp-content\/uploads\/2019\/05\/chateau-de-bossey-picto-rooms-seche-cheveux.png\" \/> <span>S\u00e8che-cheveux<\/span><\/div>\n<\/div>\n<p>[\/et_pb_text][\/et_pb_column][et_pb_column type=\u00a0\u00bb1_3&Prime;][et_pb_image src=\u00a0\u00bbhttps:\/\/www.chateaudebossey.ch\/wp-content\/uploads\/2019\/05\/chateau-de-bossey-grange_pano.jpg\u00a0\u00bb _builder_version=\u00a0\u00bb3.22.7&Prime; animation_style=\u00a0\u00bbslide\u00a0\u00bb animation_direction=\u00a0\u00bbtop\u00a0\u00bb animation_intensity_slide=\u00a0\u00bb10%\u00a0\u00bb \/][et_pb_text admin_label=\u00a0\u00bbGrange studio\u00a0\u00bb module_class=\u00a0\u00bbhomepage-blocs-text\u00a0\u00bb _builder_version=\u00a0\u00bb3.22.7&Prime; text_font=\u00a0\u00bbIstokweb Regular||||||||\u00a0\u00bb text_text_color=\u00a0\u00bb#373737&Prime; text_font_size=\u00a0\u00bb24px\u00a0\u00bb text_line_height=\u00a0\u00bb1.2em\u00a0\u00bb link_font=\u00a0\u00bbIstokweb Regular||||||||\u00a0\u00bb link_text_color=\u00a0\u00bb#373737&Prime; link_font_size=\u00a0\u00bb24px\u00a0\u00bb header_font=\u00a0\u00bb||||||||\u00a0\u00bb header_2_font=\u00a0\u00bbMontserrat Bold||||||||\u00a0\u00bb header_2_text_color=\u00a0\u00bb#373737&Prime; header_2_font_size=\u00a0\u00bb28px\u00a0\u00bb text_orientation=\u00a0\u00bbjustified\u00a0\u00bb animation_style=\u00a0\u00bbslide\u00a0\u00bb animation_direction=\u00a0\u00bbbottom\u00a0\u00bb animation_intensity_slide=\u00a0\u00bb10%\u00a0\u00bb]<\/p>\n<p><span>Studio Grange <\/span><\/p>\n<div class=\"rooms-list-div\">\n<div><img decoding=\"async\" class=\"rooms-img-div\" src=\"\/wp-content\/uploads\/2019\/05\/chateau-de-bossey-picto-rooms-personnes.png\" \/> <span>Studio \u00e9quip\u00e9 d\u2019une kitchenette <\/span><\/div>\n<div><img decoding=\"async\" class=\"rooms-img-div\" src=\"\/wp-content\/uploads\/2019\/05\/chateau-de-bossey-picto-rooms-douche.png\" \/> <span>Salle de bain privative <\/span><\/div>\n<div><img decoding=\"async\" class=\"rooms-img-div\" src=\"\/wp-content\/uploads\/2019\/05\/chateau-de-bossey-picto-rooms-tv.png\" \/>\u00a0TV<\/div>\n<div><img decoding=\"async\" class=\"rooms-img-div\" src=\"\/wp-content\/uploads\/2019\/05\/chateau-de-bossey-picto-rooms-wifi.png\" \/>\u00a0Wifi gratuit<\/div>\n<div><img decoding=\"async\" class=\"rooms-img-div\" src=\"\/wp-content\/uploads\/2019\/05\/chateau-de-bossey-picto-rooms-seche-cheveux.png\" \/> <span>S\u00e8che-cheveux<\/span><\/div>\n<\/div>\n<p>[\/et_pb_text][\/et_pb_column][\/et_pb_row][et_pb_row custom_padding=\u00a0\u00bb0px||0px||true\u00a0\u00bb _builder_version=\u00a0\u00bb3.22.7&Prime;][et_pb_column type=\u00a0\u00bb4_4&Prime;][et_pb_divider _builder_version=\u00a0\u00bb3.22.7&Prime; \/][\/et_pb_column][\/et_pb_row][et_pb_row custom_padding=\u00a0\u00bb18px||0px\u00a0\u00bb make_equal=\u00a0\u00bbon\u00a0\u00bb module_class=\u00a0\u00bbrooms-blocs-row\u00a0\u00bb _builder_version=\u00a0\u00bb3.22.7&Prime;][et_pb_column type=\u00a0\u00bb1_3&Prime;][et_pb_text admin_label=\u00a0\u00bbEconomic rooms\u00a0\u00bb module_class=\u00a0\u00bbrooms-eco-module\u00a0\u00bb _builder_version=\u00a0\u00bb3.22.7&Prime; text_font=\u00a0\u00bbIstokweb Regular||||||||\u00a0\u00bb text_line_height=\u00a0\u00bb1.5em\u00a0\u00bb header_font=\u00a0\u00bb||||||||\u00a0\u00bb header_2_font=\u00a0\u00bbMontserrat Bold|700|||||||\u00a0\u00bb header_2_text_color=\u00a0\u00bb#373737&Prime; header_2_font_size=\u00a0\u00bb28px\u00a0\u00bb header_2_font_size_phone=\u00a0\u00bb28px\u00a0\u00bb header_2_font_size_last_edited=\u00a0\u00bbon|tablet\u00a0\u00bb animation_style=\u00a0\u00bbslide\u00a0\u00bb animation_direction=\u00a0\u00bbleft\u00a0\u00bb animation_intensity_slide=\u00a0\u00bb10%\u00a0\u00bb]<\/p>\n<h2><span>Chambres \u00e9conomiques <\/span><\/h2>\n<p style=\"text-align: justify;\"><span>D\u00e9couvrez nos chambres \u00ab\u00a0\u00e9conomiques\u00a0\u00bb douillettes avec salle de bain partag\u00e9e dans nos 16 chambres Colombie et nos 31 chambres Petit Bossey au Ch\u00e2teau et dans l&rsquo;annexe Petit Bossey, \u00e0 5 minutes \u00e0 pied de la r\u00e9ception.<\/span><\/p>\n<p>[\/et_pb_text][\/et_pb_column][et_pb_column type=\u00a0\u00bb1_3&Prime;][et_pb_text admin_label=\u00a0\u00bbIn the COLOMBIE\u00a0\u00bb _builder_version=\u00a0\u00bb3.22.7&Prime; text_font=\u00a0\u00bbIstokweb Regular||||||||\u00a0\u00bb text_line_height=\u00a0\u00bb1.5em\u00a0\u00bb header_font=\u00a0\u00bb||||||||\u00a0\u00bb header_2_font=\u00a0\u00bbMontserrat Bold|700|||||||\u00a0\u00bb header_2_text_color=\u00a0\u00bb#373737&Prime; header_2_font_size=\u00a0\u00bb21px\u00a0\u00bb header_2_font_size_phone=\u00a0\u00bb28px\u00a0\u00bb header_2_font_size_last_edited=\u00a0\u00bbon|desktop\u00a0\u00bb animation_style=\u00a0\u00bbslide\u00a0\u00bb animation_direction=\u00a0\u00bbtop\u00a0\u00bb animation_intensity_slide=\u00a0\u00bb10%\u00a0\u00bb]<\/p>\n<h2><span>Colombie : 16 chambres <\/span><\/h2>\n<p style=\"text-align: justify;\"><span>Colombie dispose de 16 chambres \u00e9conomiques, avec salle de bain \u00e0 l\u2019\u00e9tage, situ\u00e9es au sein de notre b\u00e2timent principal. <\/span><\/p>\n<p>[\/et_pb_text][et_pb_image src=\u00a0\u00bbhttps:\/\/www.chateaudebossey.ch\/wp-content\/uploads\/2019\/05\/chateau-de-bosseychambre_colombie_double.jpg\u00a0\u00bb _builder_version=\u00a0\u00bb3.22.7&Prime; animation_style=\u00a0\u00bbfade\u00a0\u00bb \/][et_pb_text admin_label=\u00a0\u00bbColombie budget rooms\u00a0\u00bb module_class=\u00a0\u00bbhomepage-blocs-text\u00a0\u00bb _builder_version=\u00a0\u00bb3.22.7&Prime; text_font=\u00a0\u00bbIstokweb Regular||||||||\u00a0\u00bb text_text_color=\u00a0\u00bb#373737&Prime; text_font_size=\u00a0\u00bb24px\u00a0\u00bb text_line_height=\u00a0\u00bb1.2em\u00a0\u00bb link_font=\u00a0\u00bbIstokweb Regular||||||||\u00a0\u00bb link_text_color=\u00a0\u00bb#373737&Prime; link_font_size=\u00a0\u00bb24px\u00a0\u00bb header_font=\u00a0\u00bb||||||||\u00a0\u00bb header_2_font=\u00a0\u00bbMontserrat Bold||||||||\u00a0\u00bb header_2_text_color=\u00a0\u00bb#373737&Prime; header_2_font_size=\u00a0\u00bb28px\u00a0\u00bb text_orientation=\u00a0\u00bbjustified\u00a0\u00bb animation_style=\u00a0\u00bbslide\u00a0\u00bb animation_direction=\u00a0\u00bbbottom\u00a0\u00bb animation_intensity_slide=\u00a0\u00bb10%\u00a0\u00bb]<\/p>\n<p><span>Chambres \u00e9conomique Colombie <\/span><\/p>\n<div class=\"rooms-list-div\">\n<div><img decoding=\"async\" class=\"rooms-img-div\" src=\"\/wp-content\/uploads\/2019\/05\/chateau-de-bossey-picto-rooms-personnes.png\" \/> <span>Chambre single ou double <\/span><\/div>\n<div><img decoding=\"async\" class=\"rooms-img-div\" src=\"\/wp-content\/uploads\/2019\/05\/chateau-de-bossey-picto-rooms-douche.png\" \/>\u00a0<span>Lavabo<\/span>,\u00a0s<span>alle de bain \u00e0 l\u2019\u00e9tage <\/span><\/div>\n<div><img decoding=\"async\" class=\"rooms-img-div\" src=\"\/wp-content\/uploads\/2019\/05\/chateau-de-bossey-picto-rooms-tv.png\" \/>\u00a0TV<\/div>\n<div><img decoding=\"async\" class=\"rooms-img-div\" src=\"\/wp-content\/uploads\/2019\/05\/chateau-de-bossey-picto-rooms-wifi.png\" \/>\u00a0Wifi gratuit<\/div>\n<div><img decoding=\"async\" class=\"rooms-img-div\" src=\"\/wp-content\/uploads\/2019\/05\/chateau-de-bossey-picto-rooms-seche-cheveux.png\" \/> <span>S\u00e8che-cheveux<\/span><\/div>\n<\/div>\n<p>[\/et_pb_text][\/et_pb_column][et_pb_column type=\u00a0\u00bb1_3&Prime;][et_pb_text admin_label=\u00a0\u00bbIn the PETIT BOSSEY\u00a0\u00bb _builder_version=\u00a0\u00bb3.22.7&Prime; text_font=\u00a0\u00bbIstokweb Regular||||||||\u00a0\u00bb text_line_height=\u00a0\u00bb1.5em\u00a0\u00bb header_font=\u00a0\u00bb||||||||\u00a0\u00bb header_2_font=\u00a0\u00bbMontserrat Bold|700|||||||\u00a0\u00bb header_2_text_color=\u00a0\u00bb#373737&Prime; header_2_font_size=\u00a0\u00bb21px\u00a0\u00bb header_2_font_size_phone=\u00a0\u00bb28px\u00a0\u00bb header_2_font_size_last_edited=\u00a0\u00bbon|desktop\u00a0\u00bb text_orientation=\u00a0\u00bbjustified\u00a0\u00bb animation_style=\u00a0\u00bbslide\u00a0\u00bb animation_direction=\u00a0\u00bbtop\u00a0\u00bb animation_intensity_slide=\u00a0\u00bb10%\u00a0\u00bb]<\/p>\n<h2><span>Petit Bossey : 31 chambres<\/span><\/h2>\n<p><span>Toutes avec WC et douche \u00e0 l\u2019\u00e9tage, situ\u00e9es dans notre annexe, \u00e0 5 minutes \u00e0 pied de la r\u00e9ception. <\/span><\/p>\n<p>[\/et_pb_text][et_pb_image src=\u00a0\u00bbhttps:\/\/www.chateaudebossey.ch\/wp-content\/uploads\/2019\/05\/chateau-de-bossey-petit_bossey_chambres.jpg\u00a0\u00bb _builder_version=\u00a0\u00bb3.22.7&Prime; animation_style=\u00a0\u00bbfade\u00a0\u00bb \/][et_pb_text admin_label=\u00a0\u00bbPetit Bossey budget rooms\u00a0\u00bb module_class=\u00a0\u00bbhomepage-blocs-text\u00a0\u00bb _builder_version=\u00a0\u00bb3.22.7&Prime; text_font=\u00a0\u00bbIstokweb Regular||||||||\u00a0\u00bb text_text_color=\u00a0\u00bb#373737&Prime; text_font_size=\u00a0\u00bb24px\u00a0\u00bb text_line_height=\u00a0\u00bb1.2em\u00a0\u00bb link_font=\u00a0\u00bbIstokweb Regular||||||||\u00a0\u00bb link_text_color=\u00a0\u00bb#373737&Prime; link_font_size=\u00a0\u00bb24px\u00a0\u00bb header_font=\u00a0\u00bb||||||||\u00a0\u00bb header_2_font=\u00a0\u00bbMontserrat Bold||||||||\u00a0\u00bb header_2_text_color=\u00a0\u00bb#373737&Prime; header_2_font_size=\u00a0\u00bb28px\u00a0\u00bb text_orientation=\u00a0\u00bbjustified\u00a0\u00bb animation_style=\u00a0\u00bbslide\u00a0\u00bb animation_direction=\u00a0\u00bbbottom\u00a0\u00bb animation_intensity_slide=\u00a0\u00bb10%\u00a0\u00bb]<\/p>\n<p><span>Chambres \u00e9conomique Petit Bossey <\/span><\/p>\n<div class=\"rooms-list-div\">\n<div><img decoding=\"async\" class=\"rooms-img-div\" src=\"\/wp-content\/uploads\/2019\/05\/chateau-de-bossey-picto-rooms-personnes.png\" \/> <span>Chambre single ou double <\/span><\/div>\n<div><img decoding=\"async\" class=\"rooms-img-div\" src=\"\/wp-content\/uploads\/2019\/05\/chateau-de-bossey-picto-rooms-douche.png\" \/> <span>Lavabo<\/span>, WC <span>et douche \u00e0 l\u2019\u00e9tage<\/span><\/div>\n<div><img decoding=\"async\" class=\"rooms-img-div\" src=\"\/wp-content\/uploads\/2019\/05\/chateau-de-bossey-picto-rooms-wifi.png\" \/>\u00a0Wifi gratuit<\/div>\n<div><img decoding=\"async\" class=\"rooms-img-div\" src=\"\/wp-content\/uploads\/2019\/05\/chateau-de-bossey-picto-rooms-seche-cheveux.png\" \/> <span>S\u00e8che-cheveux<\/span><\/div>\n<\/div>\n<p>[\/et_pb_text][\/et_pb_column][\/et_pb_row][\/et_pb_section][et_pb_section bb_built=\u00a0\u00bb1&Prime; admin_label=\u00a0\u00bbFOOTER EN\u00a0\u00bb module_id=\u00a0\u00bbfooter\u00a0\u00bb module_class=\u00a0\u00bbfooter\u00a0\u00bb _builder_version=\u00a0\u00bb3.22.7&Prime; width=\u00a0\u00bb100%\u00a0\u00bb saved_tabs=\u00a0\u00bball\u00a0\u00bb prev_background_color=\u00a0\u00bb#000000&Prime; next_background_color=\u00a0\u00bb#37ab49&Prime; global_module=\u00a0\u00bb9286&Prime;][et_pb_row admin_label=\u00a0\u00bbVagues + logo\u00a0\u00bb global_parent=\u00a0\u00bb9286&Prime; custom_margin=\u00a0\u00bb||||true\u00a0\u00bb disabled_on=\u00a0\u00bboff|off|off\u00a0\u00bb module_class=\u00a0\u00bbfooter-logo-vagues\u00a0\u00bb _builder_version=\u00a0\u00bb3.22.7&Prime; background_image=\u00a0\u00bbhttps:\/\/www.chateaudebossey.ch\/wp-content\/uploads\/2019\/05\/chateau-de-bossey-vagues.png\u00a0\u00bb width=\u00a0\u00bb100%\u00a0\u00bb max_width=\u00a0\u00bb1920px\u00a0\u00bb height=\u00a0\u00bb446px\u00a0\u00bb][et_pb_column type=\u00a0\u00bb1_4&Prime;][et_pb_image admin_label=\u00a0\u00bbLogo \u00a0\u00bb global_parent=\u00a0\u00bb9286&Prime; src=\u00a0\u00bbhttps:\/\/www.chateaudebossey.ch\/wp-content\/uploads\/2019\/05\/chateau-de-bossey-logo-plein-vert.png\u00a0\u00bb module_class=\u00a0\u00bbfooter-logo-vert\u00a0\u00bb _builder_version=\u00a0\u00bb3.22.7&Prime; max_width=\u00a0\u00bb250px\u00a0\u00bb \/][\/et_pb_column][et_pb_column type=\u00a0\u00bb1_4&Prime;][\/et_pb_column][et_pb_column type=\u00a0\u00bb1_4&Prime;][\/et_pb_column][et_pb_column type=\u00a0\u00bb1_4&Prime;][\/et_pb_column][\/et_pb_row][et_pb_row global_parent=\u00a0\u00bb9286&Prime; custom_padding=\u00a0\u00bb0px||0px\u00a0\u00bb _builder_version=\u00a0\u00bb3.22.7&Prime; width=\u00a0\u00bb100%\u00a0\u00bb max_width=\u00a0\u00bb1920px\u00a0\u00bb min_height=\u00a0\u00bb440px\u00a0\u00bb][et_pb_column type=\u00a0\u00bb4_4&Prime;][et_pb_cta admin_label=\u00a0\u00bbR\u00e9server + bg\u00a0\u00bb global_parent=\u00a0\u00bb9286&Prime; button_url=\u00a0\u00bbhttps:\/\/reservation.hotel-spider.com\/default.aspx?View=Booking1&amp;HotelID=2988481&amp;Language=1&Prime; url_new_window=\u00a0\u00bbon\u00a0\u00bb button_text=\u00a0\u00bbR\u00e9server\u00a0\u00bb module_class=\u00a0\u00bbfooter-book\u00a0\u00bb _builder_version=\u00a0\u00bb3.22.7&Prime; body_font=\u00a0\u00bbIstokweb Regular||||||||\u00a0\u00bb background_image=\u00a0\u00bbhttps:\/\/www.chateaudebossey.ch\/wp-content\/uploads\/2019\/05\/chateau-de-bossey-footer-1920&#215;460.jpg\u00a0\u00bb custom_button=\u00a0\u00bbon\u00a0\u00bb button_text_size=\u00a0\u00bb16px\u00a0\u00bb button_text_color=\u00a0\u00bb#ffffff\u00a0\u00bb button_bg_color=\u00a0\u00bb#37ab49&Prime; button_font=\u00a0\u00bbMontserrat Bold|700|||||||\u00a0\u00bb button_use_icon=\u00a0\u00bboff\u00a0\u00bb text_orientation=\u00a0\u00bbjustified\u00a0\u00bb custom_padding=\u00a0\u00bb||||true|true\u00a0\u00bb \/][\/et_pb_column][\/et_pb_row][et_pb_row global_parent=\u00a0\u00bb9286&Prime; custom_padding=\u00a0\u00bb15px||15px||true\u00a0\u00bb disabled_on=\u00a0\u00bbon|on|off\u00a0\u00bb module_class=\u00a0\u00bbfooter-bloc-infos\u00a0\u00bb _builder_version=\u00a0\u00bb3.22.7&Prime;][et_pb_column type=\u00a0\u00bb1_3&Prime;][et_pb_blurb admin_label=\u00a0\u00bbAdresse\u00a0\u00bb global_parent=\u00a0\u00bb9286&Prime; url=\u00a0\u00bbhttps:\/\/goo.gl\/maps\/JmmuokwCV5yUaLER6&Prime; use_icon=\u00a0\u00bbon\u00a0\u00bb font_icon=\u00a0\u00bb%%249%%\u00a0\u00bb icon_placement=\u00a0\u00bbleft\u00a0\u00bb use_icon_font_size=\u00a0\u00bbon\u00a0\u00bb icon_font_size=\u00a0\u00bb22px\u00a0\u00bb module_class=\u00a0\u00bbfooter-adress-icon\u00a0\u00bb _builder_version=\u00a0\u00bb3.22.7&Prime; header_font=\u00a0\u00bb||||||||\u00a0\u00bb body_font=\u00a0\u00bbRoboto Regular||||||||\u00a0\u00bb body_text_color=\u00a0\u00bb#373737&Prime; body_font_size=\u00a0\u00bb16px\u00a0\u00bb body_font_size_phone=\u00a0\u00bb16px\u00a0\u00bb body_font_size_last_edited=\u00a0\u00bbon|desktop\u00a0\u00bb body_line_height=\u00a0\u00bb1.4em\u00a0\u00bb]<\/p>\n<p><a href=\"https:\/\/goo.gl\/maps\/JmmuokwCV5yUaLER6\" target=\"_blank\" rel=\"noopener noreferrer\">Chemin Chenevi\u00e8re 2,<br \/>\n1279 Bogis-Bossey (VD)<br \/>\nSuisse<\/a><\/p>\n<p>[\/et_pb_blurb][\/et_pb_column][et_pb_column type=\u00a0\u00bb1_3&Prime;][et_pb_blurb admin_label=\u00a0\u00bbtel\u00a0\u00bb global_parent=\u00a0\u00bb9286&Prime; url=\u00a0\u00bbtel:+41(0)229607300&Prime; use_icon=\u00a0\u00bbon\u00a0\u00bb font_icon=\u00a0\u00bb%%264%%\u00a0\u00bb icon_placement=\u00a0\u00bbleft\u00a0\u00bb use_icon_font_size=\u00a0\u00bbon\u00a0\u00bb icon_font_size=\u00a0\u00bb22px\u00a0\u00bb _builder_version=\u00a0\u00bb3.22.7&Prime; header_font=\u00a0\u00bb||||||||\u00a0\u00bb body_font=\u00a0\u00bbRoboto Regular||||||||\u00a0\u00bb body_text_color=\u00a0\u00bb#373737&Prime; body_font_size=\u00a0\u00bb16px\u00a0\u00bb body_font_size_phone=\u00a0\u00bb16px\u00a0\u00bb body_font_size_last_edited=\u00a0\u00bbon|desktop\u00a0\u00bb]<\/p>\n<p><a href=\"tel:+41(0)229607300\">+41 (0)22 960 73 00<\/a><\/p>\n<p>[\/et_pb_blurb][\/et_pb_column][et_pb_column type=\u00a0\u00bb1_3&Prime;][et_pb_blurb admin_label=\u00a0\u00bbmail\u00a0\u00bb global_parent=\u00a0\u00bb9286&Prime; url=\u00a0\u00bbmailto:bossey@wcc-coe.org\u00a0\u00bb use_icon=\u00a0\u00bbon\u00a0\u00bb font_icon=\u00a0\u00bb%%238%%\u00a0\u00bb icon_placement=\u00a0\u00bbleft\u00a0\u00bb use_icon_font_size=\u00a0\u00bbon\u00a0\u00bb icon_font_size=\u00a0\u00bb22px\u00a0\u00bb _builder_version=\u00a0\u00bb3.22.7&Prime; body_font=\u00a0\u00bbRoboto Regular||||||||\u00a0\u00bb body_text_color=\u00a0\u00bb#373737&Prime; body_font_size=\u00a0\u00bb16px\u00a0\u00bb body_font_size_phone=\u00a0\u00bb16px\u00a0\u00bb body_font_size_last_edited=\u00a0\u00bbon|desktop\u00a0\u00bb]<\/p>\n<p><a href=\"mailto:bossey@wcc-coe.org\">bossey@wcc-coe.org<\/a><\/p>\n<p>[\/et_pb_blurb][\/et_pb_column][\/et_pb_row][et_pb_row global_parent=\u00a0\u00bb9286&Prime; custom_padding=\u00a0\u00bb17px||17px||true\u00a0\u00bb module_class=\u00a0\u00bbfooter-legal-notice\u00a0\u00bb _builder_version=\u00a0\u00bb3.22.7&Prime; background_color=\u00a0\u00bb#37ab49&Prime; width=\u00a0\u00bb100%\u00a0\u00bb max_width=\u00a0\u00bb1920px\u00a0\u00bb][et_pb_column type=\u00a0\u00bb4_4&Prime;][et_pb_text global_parent=\u00a0\u00bb9286&Prime; module_class=\u00a0\u00bbfooter-legal-notices-mod\u00a0\u00bb _builder_version=\u00a0\u00bb3.22.7&Prime; text_font=\u00a0\u00bbRoboto Regular||||||||\u00a0\u00bb text_text_color=\u00a0\u00bb#ffffff\u00a0\u00bb text_font_size_phone=\u00a0\u00bb16px\u00a0\u00bb text_font_size_last_edited=\u00a0\u00bbon|phone\u00a0\u00bb link_font=\u00a0\u00bbRoboto Regular||||||||\u00a0\u00bb link_text_color=\u00a0\u00bb#ffffff\u00a0\u00bb link_font_size=\u00a0\u00bb16px\u00a0\u00bb header_2_font=\u00a0\u00bbMontserrat Bold||||||||\u00a0\u00bb header_2_text_color=\u00a0\u00bb#373737&Prime; header_2_font_size=\u00a0\u00bb28px\u00a0\u00bb text_text_shadow_horizontal_length=\u00a0\u00bbtext_text_shadow_style,%91object Object%93&Prime; text_text_shadow_vertical_length=\u00a0\u00bbtext_text_shadow_style,%91object Object%93&Prime; text_text_shadow_blur_strength=\u00a0\u00bbtext_text_shadow_style,%91object Object%93&Prime; link_text_shadow_horizontal_length=\u00a0\u00bblink_text_shadow_style,%91object Object%93&Prime; link_text_shadow_vertical_length=\u00a0\u00bblink_text_shadow_style,%91object Object%93&Prime; link_text_shadow_blur_strength=\u00a0\u00bblink_text_shadow_style,%91object Object%93&Prime; ul_text_shadow_horizontal_length=\u00a0\u00bbul_text_shadow_style,%91object Object%93&Prime; ul_text_shadow_vertical_length=\u00a0\u00bbul_text_shadow_style,%91object Object%93&Prime; ul_text_shadow_blur_strength=\u00a0\u00bbul_text_shadow_style,%91object Object%93&Prime; ol_text_shadow_horizontal_length=\u00a0\u00bbol_text_shadow_style,%91object Object%93&Prime; ol_text_shadow_vertical_length=\u00a0\u00bbol_text_shadow_style,%91object Object%93&Prime; ol_text_shadow_blur_strength=\u00a0\u00bbol_text_shadow_style,%91object Object%93&Prime; quote_text_shadow_horizontal_length=\u00a0\u00bbquote_text_shadow_style,%91object Object%93&Prime; quote_text_shadow_vertical_length=\u00a0\u00bbquote_text_shadow_style,%91object Object%93&Prime; quote_text_shadow_blur_strength=\u00a0\u00bbquote_text_shadow_style,%91object Object%93&Prime; header_text_shadow_horizontal_length=\u00a0\u00bbheader_text_shadow_style,%91object Object%93&Prime; header_text_shadow_vertical_length=\u00a0\u00bbheader_text_shadow_style,%91object Object%93&Prime; header_text_shadow_blur_strength=\u00a0\u00bbheader_text_shadow_style,%91object Object%93&Prime; header_2_text_shadow_horizontal_length=\u00a0\u00bbheader_2_text_shadow_style,%91object Object%93&Prime; header_2_text_shadow_vertical_length=\u00a0\u00bbheader_2_text_shadow_style,%91object Object%93&Prime; header_2_text_shadow_blur_strength=\u00a0\u00bbheader_2_text_shadow_style,%91object Object%93&Prime; header_3_text_shadow_horizontal_length=\u00a0\u00bbheader_3_text_shadow_style,%91object Object%93&Prime; header_3_text_shadow_vertical_length=\u00a0\u00bbheader_3_text_shadow_style,%91object Object%93&Prime; header_3_text_shadow_blur_strength=\u00a0\u00bbheader_3_text_shadow_style,%91object Object%93&Prime; header_4_text_shadow_horizontal_length=\u00a0\u00bbheader_4_text_shadow_style,%91object Object%93&Prime; header_4_text_shadow_vertical_length=\u00a0\u00bbheader_4_text_shadow_style,%91object Object%93&Prime; header_4_text_shadow_blur_strength=\u00a0\u00bbheader_4_text_shadow_style,%91object Object%93&Prime; header_5_text_shadow_horizontal_length=\u00a0\u00bbheader_5_text_shadow_style,%91object Object%93&Prime; header_5_text_shadow_vertical_length=\u00a0\u00bbheader_5_text_shadow_style,%91object Object%93&Prime; header_5_text_shadow_blur_strength=\u00a0\u00bbheader_5_text_shadow_style,%91object Object%93&Prime; header_6_text_shadow_horizontal_length=\u00a0\u00bbheader_6_text_shadow_style,%91object Object%93&Prime; header_6_text_shadow_vertical_length=\u00a0\u00bbheader_6_text_shadow_style,%91object Object%93&Prime; header_6_text_shadow_blur_strength=\u00a0\u00bbheader_6_text_shadow_style,%91object Object%93&Prime; z_index_tablet=\u00a0\u00bb500&Prime;]<\/p>\n<p><a href=\"#\">Ch\u00e2teau de Bossey<\/a><\/p>\n<p><a href=\"\/fr\/mentions-legales\">Mentions l\u00e9gales&nbsp;<\/a>| <a style=\"cursor: pointer\" data-href=\"#moove_gdpr_cookie_modal\">RGPD<\/a><\/p>\n<p>[\/et_pb_text][et_pb_image global_parent=\u00a0\u00bb9286&Prime; src=\u00a0\u00bbhttps:\/\/www.chateaudebossey.ch\/wp-content\/uploads\/2019\/05\/chateau-de-bossey-logo-conseil-oecumenique-EN.png\u00a0\u00bb url=\u00a0\u00bbhttps:\/\/www.oikoumene.org\u00a0\u00bb url_new_window=\u00a0\u00bbon\u00a0\u00bb module_class=\u00a0\u00bbfooter-legal-notices-img\u00a0\u00bb _builder_version=\u00a0\u00bb3.22.7&Prime; \/][\/et_pb_column][\/et_pb_row][\/et_pb_section][et_pb_section bb_built=\u00a0\u00bb1&Prime; admin_label=\u00a0\u00bbMobile Sticky Footer | Section | EN\u00a0\u00bb disabled_on=\u00a0\u00bb||on\u00a0\u00bb module_class=\u00a0\u00bbmobile-sticky-footer\u00a0\u00bb _builder_version=\u00a0\u00bb3.22.7&Prime; background_color=\u00a0\u00bb#37ab49&Prime; box_shadow_style=\u00a0\u00bbpreset1&Prime; custom_padding=\u00a0\u00bb0px|0px|0px|0px\u00a0\u00bb custom_css_main_element=\u00a0\u00bb position: fixed;|| z-index: 1100;|| width: 100%;|| bottom: 0;|| height: 50px;\u00a0\u00bb prev_background_color=\u00a0\u00bb#ffffff\u00a0\u00bb global_module=\u00a0\u00bb9283&Prime;][et_pb_row admin_label=\u00a0\u00bbMobile Sticky Footer | Row\u00a0\u00bb global_parent=\u00a0\u00bb9283&Prime; use_custom_gutter=\u00a0\u00bbon\u00a0\u00bb gutter_width=\u00a0\u00bb1&Prime; custom_padding=\u00a0\u00bb4px|0px|15px|0px\u00a0\u00bb _builder_version=\u00a0\u00bb3.22.3&Prime; width=\u00a0\u00bb100%\u00a0\u00bb max_width=\u00a0\u00bb100%\u00a0\u00bb use_custom_width=\u00a0\u00bbon\u00a0\u00bb width_unit=\u00a0\u00bboff\u00a0\u00bb custom_width_percent=\u00a0\u00bb100%\u00a0\u00bb][et_pb_column type=\u00a0\u00bb4_4&Prime;][et_pb_text admin_label=\u00a0\u00bbMobile-Sticky-Footer\u00a0\u00bb global_parent=\u00a0\u00bb9283&Prime; _builder_version=\u00a0\u00bb3.22.7&Prime; text_font=\u00a0\u00bbMontserrat|300|||||||\u00a0\u00bb text_text_color=\u00a0\u00bb#977486&Prime; text_font_size=\u00a0\u00bb16px\u00a0\u00bb header_2_font=\u00a0\u00bbMontserrat Bold||||||||\u00a0\u00bb header_2_text_color=\u00a0\u00bb#373737&Prime; header_2_font_size=\u00a0\u00bb28px\u00a0\u00bb custom_padding=\u00a0\u00bb12px|20px|20px|20px||true\u00a0\u00bb]<\/p>\n<p><a href=\"tel:+41(0)229607300\"><img loading=\"lazy\" decoding=\"async\" src=\"https:\/\/www.chateaudebossey.ch\/wp-content\/uploads\/2019\/05\/chateau-de-bossey-picto-tel-.png\" width=\"24\" height=\"24\" alt=\"Chateau de Bossey - Picto tel\" class=\"wp-image-1428 alignnone size-full\" \/><\/a><a href=\"mailto:bossey@wcc-coe.org\"><img loading=\"lazy\" decoding=\"async\" src=\"https:\/\/www.chateaudebossey.ch\/wp-content\/uploads\/2019\/05\/chateau-de-bossey-picto-mail-1.png\" width=\"24\" height=\"24\" alt=\"Chateau de Bossey - Picto mail\" class=\"wp-image-1427 alignnone size-full\" \/><\/a><a href=\"https:\/\/goo.gl\/maps\/tpD14tLpaPi17rHy6\" target=\"_blank\" rel=\"noopener noreferrer\"><img loading=\"lazy\" decoding=\"async\" src=\"https:\/\/www.chateaudebossey.ch\/wp-content\/uploads\/2019\/05\/chateau-de-bossey-picto-map.png\" width=\"24\" height=\"24\" alt=\"Chateau de Bossey - Picto pin\" class=\"wp-image-1426 alignnone size-full\" \/><\/a><\/p>\n<p>[\/et_pb_text][\/et_pb_column][\/et_pb_row][\/et_pb_section]<\/p>\n","protected":false},"excerpt":{"rendered":"<p>[et_pb_section bb_built=\u00a0\u00bb1&Prime; module_id=\u00a0\u00bbheader-intern-section\u00a0\u00bb _builder_version=\u00a0\u00bb3.22.7&Prime; next_background_color=\u00a0\u00bb#000000&Prime;][et_pb_row _builder_version=\u00a0\u00bb3.22.7&Prime; background_image=\u00a0\u00bbhttps:\/\/www.chateaudebossey.ch\/wp-content\/uploads\/2019\/05\/chateau-de-bossey-header-intern-1.jpg\u00a0\u00bb width=\u00a0\u00bb100%\u00a0\u00bb][et_pb_column type=\u00a0\u00bb4_4&Prime;][et_pb_text _builder_version=\u00a0\u00bb3.22.7&Prime; text_font=\u00a0\u00bb||||||||\u00a0\u00bb header_font=\u00a0\u00bb|700|||||||\u00a0\u00bb header_text_align=\u00a0\u00bbcenter\u00a0\u00bb header_text_color=\u00a0\u00bb#ffffff\u00a0\u00bb header_font_size=\u00a0\u00bb78px\u00a0\u00bb text_orientation=\u00a0\u00bbcenter\u00a0\u00bb] Chambres [\/et_pb_text][\/et_pb_column][\/et_pb_row][\/et_pb_section][et_pb_section bb_built=\u00a0\u00bb1&Prime; _builder_version=\u00a0\u00bb3.22.7&Prime; prev_background_color=\u00a0\u00bb#000000&Prime; next_background_color=\u00a0\u00bb#000000&Prime;][et_pb_row _builder_version=\u00a0\u00bb3.22.7&Prime; animation_style=\u00a0\u00bbfade\u00a0\u00bb animation_direction=\u00a0\u00bbbottom\u00a0\u00bb][et_pb_column type=\u00a0\u00bb4_4&Prime;][et_pb_text admin_label=\u00a0\u00bbA place to rest\u00a0\u00bb module_class=\u00a0\u00bbrooms-aplaceto-module\u00a0\u00bb _builder_version=\u00a0\u00bb3.22.7&Prime; text_font=\u00a0\u00bbIstokweb Regular||||||||\u00a0\u00bb text_text_color=\u00a0\u00bb#373737&Prime; header_font=\u00a0\u00bb|600|||||||\u00a0\u00bb header_2_font=\u00a0\u00bbMontserrat Bold||||||||\u00a0\u00bb header_2_text_color=\u00a0\u00bb#373737&Prime; header_2_font_size=\u00a0\u00bb28px\u00a0\u00bb header_3_font=\u00a0\u00bbMontserrat Bold|700|||||||\u00a0\u00bb header_3_text_color=\u00a0\u00bb#373737&Prime; header_3_font_size=\u00a0\u00bb28px\u00a0\u00bb] Se reposer Nous disposons de 90 chambres r\u00e9parties en deux grandes [&hellip;]<\/p>\n","protected":false},"author":1,"featured_media":0,"parent":0,"menu_order":0,"comment_status":"closed","ping_status":"closed","template":"","meta":{"_et_pb_use_builder":"on","_et_pb_old_content":"","_et_gb_content_width":"","footnotes":""},"class_list":["post-9323","page","type-page","status-publish","hentry"],"yoast_head":"<!-- This site is optimized with the Yoast SEO plugin v16.3 - https:\/\/yoast.com\/wordpress\/plugins\/seo\/ -->\n<title>Chambres | Ch\u00e2teau de Bossey | Suisse<\/title>\n<meta name=\"description\" content=\"Le Ch\u00e2teau de Bossey est un lieu de repos avec 90 chambres r\u00e9parties en trois principales cat\u00e9gories : les chambres du Ch\u00e2teau, les chambres de la Grange et les chambres \u00e9conomiques.\" \/>\n<meta name=\"robots\" content=\"index, follow, max-snippet:-1, max-image-preview:large, max-video-preview:-1\" \/>\n<link rel=\"canonical\" href=\"https:\/\/www.chateaudebossey.ch\/fr\/chambres\/\" \/>\n<meta property=\"og:locale\" content=\"fr_FR\" \/>\n<meta property=\"og:type\" content=\"article\" \/>\n<meta property=\"og:title\" content=\"Chambres | Ch\u00e2teau de Bossey | Suisse\" \/>\n<meta property=\"og:description\" content=\"Le Ch\u00e2teau de Bossey est un lieu de repos avec 90 chambres r\u00e9parties en trois principales cat\u00e9gories : les chambres du Ch\u00e2teau, les chambres de la Grange et les chambres \u00e9conomiques.\" \/>\n<meta property=\"og:url\" content=\"https:\/\/www.chateaudebossey.ch\/fr\/chambres\/\" \/>\n<meta property=\"og:site_name\" content=\"Ch\u00e2teau de Bossey\" \/>\n<meta property=\"article:modified_time\" content=\"2019-06-21T14:58:18+00:00\" \/>\n<meta property=\"og:image\" content=\"https:\/\/www.chateaudebossey.ch\/wp-content\/uploads\/2019\/05\/chateau-de-bossey-picto-rooms-personnes.png\" \/>\n<meta name=\"twitter:card\" content=\"summary_large_image\" \/>\n<meta name=\"twitter:label1\" content=\"Dur\u00e9e de lecture est.\">\n\t<meta name=\"twitter:data1\" content=\"16 minutes\">\n<script type=\"application\/ld+json\" class=\"yoast-schema-graph\">{\"@context\":\"https:\/\/schema.org\",\"@graph\":[{\"@type\":\"WebSite\",\"@id\":\"https:\/\/www.chateaudebossey.ch\/#website\",\"url\":\"https:\/\/www.chateaudebossey.ch\/\",\"name\":\"Ch\\u00e2teau de Bossey\",\"description\":\"\",\"potentialAction\":[{\"@type\":\"SearchAction\",\"target\":\"https:\/\/www.chateaudebossey.ch\/?s={search_term_string}\",\"query-input\":\"required name=search_term_string\"}],\"inLanguage\":\"fr-FR\"},{\"@type\":\"ImageObject\",\"@id\":\"https:\/\/www.chateaudebossey.ch\/fr\/chambres\/#primaryimage\",\"inLanguage\":\"fr-FR\",\"url\":\"\/wp-content\/uploads\/2019\/05\/chateau-de-bossey-picto-rooms-personnes.png\",\"contentUrl\":\"\/wp-content\/uploads\/2019\/05\/chateau-de-bossey-picto-rooms-personnes.png\"},{\"@type\":\"WebPage\",\"@id\":\"https:\/\/www.chateaudebossey.ch\/fr\/chambres\/#webpage\",\"url\":\"https:\/\/www.chateaudebossey.ch\/fr\/chambres\/\",\"name\":\"Chambres | Ch\\u00e2teau de Bossey | Suisse\",\"isPartOf\":{\"@id\":\"https:\/\/www.chateaudebossey.ch\/#website\"},\"primaryImageOfPage\":{\"@id\":\"https:\/\/www.chateaudebossey.ch\/fr\/chambres\/#primaryimage\"},\"datePublished\":\"2019-05-09T15:37:51+00:00\",\"dateModified\":\"2019-06-21T14:58:18+00:00\",\"description\":\"Le Ch\\u00e2teau de Bossey est un lieu de repos avec 90 chambres r\\u00e9parties en trois principales cat\\u00e9gories : les chambres du Ch\\u00e2teau, les chambres de la Grange et les chambres \\u00e9conomiques.\",\"breadcrumb\":{\"@id\":\"https:\/\/www.chateaudebossey.ch\/fr\/chambres\/#breadcrumb\"},\"inLanguage\":\"fr-FR\",\"potentialAction\":[{\"@type\":\"ReadAction\",\"target\":[\"https:\/\/www.chateaudebossey.ch\/fr\/chambres\/\"]}]},{\"@type\":\"BreadcrumbList\",\"@id\":\"https:\/\/www.chateaudebossey.ch\/fr\/chambres\/#breadcrumb\",\"itemListElement\":[{\"@type\":\"ListItem\",\"position\":1,\"item\":{\"@type\":\"WebPage\",\"@id\":\"https:\/\/www.chateaudebossey.ch\/fr\/\",\"url\":\"https:\/\/www.chateaudebossey.ch\/fr\/\",\"name\":\"Accueil\"}},{\"@type\":\"ListItem\",\"position\":2,\"item\":{\"@id\":\"https:\/\/www.chateaudebossey.ch\/fr\/chambres\/#webpage\"}}]}]}<\/script>\n<!-- \/ Yoast SEO plugin. -->","_links":{"self":[{"href":"https:\/\/www.chateaudebossey.ch\/fr\/wp-json\/wp\/v2\/pages\/9323","targetHints":{"allow":["GET"]}}],"collection":[{"href":"https:\/\/www.chateaudebossey.ch\/fr\/wp-json\/wp\/v2\/pages"}],"about":[{"href":"https:\/\/www.chateaudebossey.ch\/fr\/wp-json\/wp\/v2\/types\/page"}],"author":[{"embeddable":true,"href":"https:\/\/www.chateaudebossey.ch\/fr\/wp-json\/wp\/v2\/users\/1"}],"replies":[{"embeddable":true,"href":"https:\/\/www.chateaudebossey.ch\/fr\/wp-json\/wp\/v2\/comments?post=9323"}],"version-history":[{"count":6,"href":"https:\/\/www.chateaudebossey.ch\/fr\/wp-json\/wp\/v2\/pages\/9323\/revisions"}],"predecessor-version":[{"id":9490,"href":"https:\/\/www.chateaudebossey.ch\/fr\/wp-json\/wp\/v2\/pages\/9323\/revisions\/9490"}],"wp:attachment":[{"href":"https:\/\/www.chateaudebossey.ch\/fr\/wp-json\/wp\/v2\/media?parent=9323"}],"curies":[{"name":"wp","href":"https:\/\/api.w.org\/{rel}","templated":true}]}}